{"id":94,"date":"2016-04-11T10:54:20","date_gmt":"2016-04-11T08:54:20","guid":{"rendered":"https:\/\/www.wolfhirschhorn.com\/sitioweb\/?page_id=94"},"modified":"2024-10-04T10:42:25","modified_gmt":"2024-10-04T08:42:25","slug":"guia-del-swh","status":"publish","type":"page","link":"https:\/\/wolfhirschhorn.com\/sitioweb\/guia-del-swh\/","title":{"rendered":"Gu\u00eda del SWH \/ Art\u00edculos de Inter\u00e9s"},"content":{"rendered":"<p>[et_pb_section fb_built=\u00bb1&#8243; _builder_version=\u00bb4.16&#8243; custom_margin=\u00bb30px||||false|false\u00bb custom_padding=\u00bb||0px||false|false\u00bb locked=\u00bboff\u00bb global_colors_info=\u00bb{}\u00bb][et_pb_row column_structure=\u00bb2_3,1_3&#8243; _builder_version=\u00bb4.16&#8243; global_colors_info=\u00bb{}\u00bb][et_pb_column type=\u00bb2_3&#8243; _builder_version=\u00bb4.16&#8243; custom_padding=\u00bb|||\u00bb global_colors_info=\u00bb{}\u00bb custom_padding__hover=\u00bb|||\u00bb][et_pb_text admin_label=\u00bbRotulo\u00bb _builder_version=\u00bb4.16&#8243; header_font=\u00bb||||||||\u00bb header_text_color=\u00bb#90004b\u00bb header_3_font=\u00bb||||||||\u00bb header_3_text_color=\u00bb#90004b\u00bb header_3_font_size=\u00bb42px\u00bb background_size=\u00bbinitial\u00bb background_position=\u00bbtop_left\u00bb background_repeat=\u00bbrepeat\u00bb module_alignment=\u00bbcenter\u00bb text_font_size_last_edited=\u00bboff|desktop\u00bb global_colors_info=\u00bb{}\u00bb]<\/p>\n<h3>Gu\u00eda del SWH \/ Art\u00edculos de Inter\u00e9s<\/h3>\n<p>[\/et_pb_text][et_pb_divider divider_position=\u00bbcenter\u00bb divider_weight=\u00bb2&#8243; _builder_version=\u00bb4.16&#8243; max_width=\u00bb80px\u00bb module_alignment=\u00bbleft\u00bb height=\u00bb0px\u00bb custom_margin=\u00bb-10px||20px\u00bb global_colors_info=\u00bb{}\u00bb]<\/p>\n<p>\n&nbsp;<\/p>\n<p>[\/et_pb_divider][\/et_pb_column][et_pb_column type=\u00bb1_3&#8243; _builder_version=\u00bb4.16&#8243; custom_padding=\u00bb|||\u00bb global_colors_info=\u00bb{}\u00bb custom_padding__hover=\u00bb|||\u00bb][\/et_pb_column][\/et_pb_row][\/et_pb_section][et_pb_section fb_built=\u00bb1&#8243; admin_label=\u00bbsection\u00bb _builder_version=\u00bb4.16&#8243; custom_margin=\u00bb||60px||false|false\u00bb custom_padding=\u00bb0px||||false|false\u00bb global_colors_info=\u00bb{}\u00bb][et_pb_row column_structure=\u00bb2_3,1_3&#8243; admin_label=\u00bbrow\u00bb _builder_version=\u00bb4.16&#8243; background_size=\u00bbinitial\u00bb background_position=\u00bbtop_left\u00bb background_repeat=\u00bbrepeat\u00bb hover_enabled=\u00bb0&#8243; global_colors_info=\u00bb{}\u00bb sticky_enabled=\u00bb0&#8243;][et_pb_column type=\u00bb2_3&#8243; _builder_version=\u00bb4.16&#8243; custom_padding=\u00bb|||\u00bb global_colors_info=\u00bb{}\u00bb custom_padding__hover=\u00bb|||\u00bb][et_pb_text _builder_version=\u00bb4.16&#8243; background_size=\u00bbinitial\u00bb background_position=\u00bbtop_left\u00bb background_repeat=\u00bbrepeat\u00bb use_border_color=\u00bboff\u00bb border_color=\u00bb#ffffff\u00bb border_style=\u00bbsolid\u00bb global_colors_info=\u00bb{}\u00bb]<\/p>\n<p>En esta p\u00e1gina vas a encontrar un documento de especial importancia para vosotros y vuestro beb\u00e9.<\/p>\n<p>Se trata de una <strong>Gu\u00eda del S\u00edndrome de Wolf-Hirschhorn dirigida a padres y profesionales de la salud<\/strong> que ha sido elaborada por <strong>C\u00e9sar Cobaleda<\/strong>, Cient\u00edfico Titular del Consejo Superior de Investigaciones Cient\u00edficas del Centro de Biolog\u00eda Molecular \u201cSevero Ochoa\u201d.<\/p>\n<p>En las p\u00e1ginas de esta Gu\u00eda podr\u00e1s informarte, entre otros, de importantes aspectos como las caracter\u00edsticas del SWH, la detecci\u00f3n, severidad o las complicaciones asociadas al mismo.<\/p>\n<p>Es importante que la lleves siempre contigo porque en muchas ocasiones el personal sanitario desconoce por completo las caracter\u00edsticas y singularidades de este s\u00edndrome, y con esta Gu\u00eda puede acceder a una informaci\u00f3n general de una manera r\u00e1pida y rigurosa.<\/p>\n<p>[\/et_pb_text][et_pb_button button_url=\u00bbhttps:\/\/wolfhirschhorn.com\/sitioweb\/fomento-de-la-investigacion\/\u00bb url_new_window=\u00bbon\u00bb button_text=\u00bbFOMENTO DE LA INVESTIGACI\u00d3N\u00bb _builder_version=\u00bb4.16&#8243; _module_preset=\u00bbdefault\u00bb global_colors_info=\u00bb{}\u00bb][\/et_pb_button][et_pb_text _builder_version=\u00bb4.23.4&#8243; background_size=\u00bbinitial\u00bb background_position=\u00bbtop_left\u00bb background_repeat=\u00bbrepeat\u00bb link_option_url_new_window=\u00bbon\u00bb hover_enabled=\u00bb0&#8243; use_border_color=\u00bboff\u00bb global_colors_info=\u00bb{}\u00bb sticky_enabled=\u00bb0&#8243;]<\/p>\n<h3>Art\u00edculos y material de inter\u00e9s sobre el SWH<\/h3>\n<p><strong>En Colaboraci\u00f3n con la AESWH<\/strong><\/p>\n<ul>\n<li><a href=\"https:\/\/drive.google.com\/file\/d\/1i0bkhvwG-8IZD4GK7dTJYkSDSenXKSmm\/view?usp=sharing\" target=\"_blank\" rel=\"noopener\">S\u00edndrome de Wolf-Hirschhorn y odontolog\u00eda\u00bb<\/a> &#8211; Candela Serrano Mart\u00edn et al.<\/li>\n<li><a href=\"https:\/\/www.mdpi.com\/2077-0383\/9\/11\/3556\/htm\" target=\"_blank\" rel=\"noopener noreferrer\">Publicaci\u00f3n del estudio sobre caracter\u00edsticas orodentales de los pacientes con SWH<\/a> &#8211; Dr. Jacobo Limeres et al en Journal of Clinical Medicine Nov2020<\/li>\n<li><a href=\"https:\/\/link.springer.com\/epdf\/10.1186\/s13023-020-01476-8?sharing_token=RQTk1H5VyFjg9khuv1yo0m_BpE1tBhCbnbw3BuzI2RPl35r1Cpol8Qn43dglzf0EyCW-h3DMoszn1rVmQKuDm_VqrOEVgkT0V7P_mGJNsBgA-tZ28XonF8d-pEc_-I6gmD8Ws5Oc8jZpiqFiVMcghTtOneXFT0_oGsUJ_Q28ZfM%3D\" target=\"_blank\" rel=\"noopener noreferrer\">Publicaci\u00f3n del primer estudio de perfil caracter\u00edsticas psicosociales de cuidadores de SWH<\/a> &#8211; Berrocoso et al. Orphanet Journal of Rare Diseases (Oct2020)<\/li>\n<li><a href=\"https:\/\/drive.google.com\/open?id=0B-yCQwobSNeOaVZPZVNQeXFvcUU\" target=\"_blank\" rel=\"noopener noreferrer\">S\u00edndrome de Wolf-Hirschhorn. Descripci\u00f3n de una cohorte espa\u00f1ola de 51 casos y revisi\u00f3n de la bibliograf\u00eda<\/a> &#8211; <em>Grupo Colaborativo para el Estudio del SWH<\/em><\/li>\n<li><a href=\"https:\/\/drive.google.com\/open?id=0B-yCQwobSNeOTFVJS1lvVTBBVWc\" target=\"_blank\" rel=\"noopener noreferrer\">Estudio de la cohorte espa\u00f1ola en pacientes con SWH: an\u00e1lisis de la epilepsia en el s\u00edndrome y correlaci\u00f3n genotipo-fenotipo<\/a> &#8211; <em>Dra. Raquel Blanco (Tesis Doctoral)<\/em><\/li>\n<li><a href=\"https:\/\/drive.google.com\/open?id=0B-yCQwobSNeONExSQUFXbzJxLU0\" target=\"_blank\" rel=\"noopener noreferrer\">Manejo de las malformaciones Urogenitales en ni\u00f1os SWH<\/a><\/li>\n<li><a href=\"https:\/\/drive.google.com\/open?id=0B-yCQwobSNeOaFV6RkJTNjJPaG8\" target=\"_blank\" rel=\"noopener noreferrer\">Manejo de la patolog\u00eda ginecol\u00f3gica en ni\u00f1as SWH<\/a><\/li>\n<li><a href=\"https:\/\/drive.google.com\/open?id=0B-yCQwobSNeOcGZZaTZlTGJDNGs\" target=\"_blank\" rel=\"noopener noreferrer\">Introducci\u00f3n a la Bases Moleculares del SWH<\/a> &#8211; <em>I Jornadas M\u00e9dicas AESWH<\/em><\/li>\n<li><a href=\"https:\/\/drive.google.com\/open?id=0B-yCQwobSNeObTM1TXBpWFB5WlU\" target=\"_blank\" rel=\"noopener noreferrer\">\u00abS\u00edndrome de Wolf-Hirschhorn. Serie de 27 pacientes: caracter\u00edsticas epidemiol\u00f3gicas y cl\u00ednicas\u00bb<\/a> &#8211; <em>Estudio por la Dra. Raquel Blanco-Lago<\/em><\/li>\n<li><a href=\"https:\/\/drive.google.com\/open?id=0B-yCQwobSNeOZ2NwbkUwWFZlVFE\" target=\"_blank\" rel=\"noopener noreferrer\">Avances Cient\u00edficos en los \u00faltimos 10 a\u00f1os (2002-2012)<\/a> &#8211; <em>Dr. Ignacio M\u00e1laga Di\u00e9guez<\/em><\/li>\n<li><a href=\"https:\/\/drive.google.com\/open?id=0B-yCQwobSNeOdjU5Uk54SUVra1U\" target=\"_blank\" rel=\"noopener noreferrer\">Estrategias para la mejora de la comunicaci\u00f3n de ni\u00f1os con SWH<\/a> &#8211; <em>Isabel Quintana \/ Manuel Aumente<\/em><\/li>\n<li><a href=\"https:\/\/drive.google.com\/open?id=1X7TkDznTsN8B5OFNLE1Li2qeDh3j3Jlp\" target=\"_blank\" rel=\"noopener noreferrer\">S\u00edndrome de Wolf-Hirschhorn. Descripci\u00f3n de cinco casos caracterizados por microarrays de polimorfismos de nucle\u00f3tido \u00fanico<\/a> &#8211; <em>Arch Argent Pediatr 2019<\/em><\/li>\n<li><a href=\"https:\/\/scientificliterature.org\/Neurologicaldisorders\/Neurologicaldisorders-19-120.pdf\" target=\"_blank\" rel=\"noopener noreferrer\">Challenges in Sensory Integration and Processing in the Child with Wolf-Hirschhorn Syndrome<\/a> &#8211; <em>Isabelle Beaudry y Tania Moriy\u00f3n<\/em><\/li>\n<li><a href=\"https:\/\/drive.google.com\/open?id=1zCk66qvh7QnYpAUN4tTjZBBumTaR0TSl\" target=\"_blank\" rel=\"noopener noreferrer\">International Meeting on Wolf-Hirschhorn syndrome<\/a> &#8211; <em>American Journal of Medical Genetics<\/em><\/li>\n<\/ul>\n<p><strong>Otros Art\u00edculos de Inter\u00e9s<\/strong><\/p>\n<ul>\n<li><a href=\"https:\/\/drive.google.com\/open?id=0B-yCQwobSNeOeTU2VjJFWnFsbXc\" target=\"_blank\" rel=\"noopener noreferrer\">Recomendaciones de cuidados para pacientes con SWH<\/a> &#8211; <em>Dra. Amy Calhoun<\/em><\/li>\n<li><a href=\"https:\/\/www.cell.com\/cell-reports\/fulltext\/S2211-1247(17)30598-3\" target=\"_blank\" rel=\"noopener noreferrer\" data-saferedirecturl=\"https:\/\/www.google.com\/url?q=https:\/\/www.cell.com\/cell-reports\/fulltext\/S2211-1247(17)30598-3&amp;source=gmail&amp;ust=1587811564560000&amp;usg=AFQjCNFppPFjjilFy49CmfhkCfYfFEULrg\"><span lang=\"EN-US\">Wolf-Hirschhorn Syndrome Candidate 1 Is Necessary for Correct Hematopoieticand B Cell Development <\/span><\/a><em>Cell Reports<\/em><\/li>\n<li><a href=\"https:\/\/drive.google.com\/open?id=0B-yCQwobSNeOQmgzRFZaN2VLWE0\" target=\"_blank\" rel=\"noopener noreferrer\">Chromosomal microarray testing identifies a 4p terminal region associated with seizures in Wolf-Hirschhorn syndrome<\/a> &#8211; <em>Revista de Medicina Gen\u00e9tica<\/em><\/li>\n<li><a href=\"https:\/\/drive.google.com\/open?id=1eZ5fmIrakVUgC1L21BLJzhOBcBDt0Mya\" target=\"_blank\" rel=\"noopener noreferrer\">Risk of hepatic neoplasms in Wolf\u2013Hirschhorn syndrome (4p-): Four new cases and review of the literature<\/a> &#8211; <em>Agatino Battaglia | Amy R.U.L. Calhoun | Amanda Lortz | John C. Carey<\/em><\/li>\n<li><a href=\"https:\/\/drive.google.com\/open?id=1SoO33_3AVOgCLM1nMf2k69ldEHtOTsXt\" target=\"_blank\" rel=\"noopener noreferrer\">De novo truncating variants in WHSC1 recapitulate the Wolf\u2013Hirschhorn (4p16.3 microdeletion) syndrome phenotype<\/a> &#8211; <em>Genetics in Medicine<\/em><\/li>\n<li><a href=\"https:\/\/drive.google.com\/open?id=1hL-fG936pl9F3_EIwK7HZ7U7rKS2Jvb-\" target=\"_blank\" rel=\"noopener noreferrer\">A survey of antiepileptic drug responses identifies drugs with potential efficacy for seizure control in Wolf\u2013Hirschhorn syndrome<\/a> &#8211; <em>Epilepsy &amp; Behavior<\/em><\/li>\n<li><a href=\"https:\/\/drive.google.com\/open?id=1xrCoYMMA7Km0rb-uYtL5MVi-j6aFSSAY\" target=\"_blank\" rel=\"noopener noreferrer\">De novo nonsense mutation in WHSC1 (NSD2) in patient with intellectual disability and dysmorphic features<\/a> &#8211; <em>Journal of Human Genetics<\/em><\/li>\n<li><a href=\"https:\/\/drive.google.com\/open?id=0B-yCQwobSNeOUTg3bnRLRVNTNHc\" target=\"_blank\" rel=\"noopener noreferrer\">Retraso del crecimiento intrauterino de causa genetica<\/a><\/li>\n<li><a href=\"https:\/\/drive.google.com\/open?id=0B-yCQwobSNeOYWE1NjJmMDItZTA2Ni00YmM3LWE1MDEtZGY2ZDNhNWM1ZjIy\" target=\"_blank\" rel=\"noopener noreferrer\">Tablas de Crecimiento sobre el S\u00edndrome Wolf-Hirschhorn (0 a 4 a\u00f1os) &#8211; <em>Revista de Pediatr\u00eda Europea<\/em><\/a><\/li>\n<\/ul>\n<p>[\/et_pb_text][\/et_pb_column][et_pb_column type=\u00bb1_3&#8243; _builder_version=\u00bb4.16&#8243; custom_padding=\u00bb|||\u00bb global_colors_info=\u00bb{}\u00bb custom_padding__hover=\u00bb|||\u00bb][et_pb_image src=\u00bbhttps:\/\/wolfhirschhorn.com\/sitioweb\/wp-content\/uploads\/guia-swh.jpg\u00bb alt=\u00bbGu\u00eda del S\u00edndrome de Wolf-Hirschhorn &#8211; Dr. C\u00e9sar Cobaleda\u00bb title_text=\u00bbGu\u00eda del S\u00edndrome de Wolf-Hirschhorn &#8211; Dr. C\u00e9sar Cobaleda\u00bb url=\u00bbhttps:\/\/drive.google.com\/open?id=0B-yCQwobSNeOc0FzYWQ5TmtvTjA\u00bb url_new_window=\u00bbon\u00bb show_bottom_space=\u00bboff\u00bb align_tablet=\u00bbcenter\u00bb align_phone=\u00bb\u00bb align_last_edited=\u00bbon|desktop\u00bb module_id=\u00bbshadow\u00bb _builder_version=\u00bb4.16&#8243; animation_style=\u00bbslide\u00bb animation_direction=\u00bbleft\u00bb animation_duration=\u00bb500ms\u00bb animation_intensity_slide=\u00bb10%\u00bb use_border_color=\u00bboff\u00bb border_color=\u00bb#ffffff\u00bb border_style=\u00bbsolid\u00bb animation=\u00bbleft\u00bb sticky=\u00bbon\u00bb always_center_on_mobile=\u00bbon\u00bb global_colors_info=\u00bb{}\u00bb][\/et_pb_image][\/et_pb_column][\/et_pb_row][\/et_pb_section]<\/p>\n","protected":false},"excerpt":{"rendered":"<p>Gu\u00eda del SWH \/ Art\u00edculos de Inter\u00e9s &nbsp; En esta p\u00e1gina vas a encontrar un documento de especial importancia para vosotros y vuestro beb\u00e9. Se trata de una Gu\u00eda del S\u00edndrome de Wolf-Hirschhorn dirigida a padres y profesionales de la salud que ha sido elaborada por C\u00e9sar Cobaleda, Cient\u00edfico Titular del Consejo Superior de Investigaciones [&hellip;]<\/p>\n","protected":false},"author":3,"featured_media":0,"parent":0,"menu_order":0,"comment_status":"closed","ping_status":"closed","template":"","meta":{"_et_pb_use_builder":"on","_et_pb_old_content":"","_et_gb_content_width":"","footnotes":""},"class_list":["post-94","page","type-page","status-publish","hentry"],"_links":{"self":[{"href":"https:\/\/wolfhirschhorn.com\/sitioweb\/wp-json\/wp\/v2\/pages\/94","targetHints":{"allow":["GET"]}}],"collection":[{"href":"https:\/\/wolfhirschhorn.com\/sitioweb\/wp-json\/wp\/v2\/pages"}],"about":[{"href":"https:\/\/wolfhirschhorn.com\/sitioweb\/wp-json\/wp\/v2\/types\/page"}],"author":[{"embeddable":true,"href":"https:\/\/wolfhirschhorn.com\/sitioweb\/wp-json\/wp\/v2\/users\/3"}],"replies":[{"embeddable":true,"href":"https:\/\/wolfhirschhorn.com\/sitioweb\/wp-json\/wp\/v2\/comments?post=94"}],"version-history":[{"count":0,"href":"https:\/\/wolfhirschhorn.com\/sitioweb\/wp-json\/wp\/v2\/pages\/94\/revisions"}],"wp:attachment":[{"href":"https:\/\/wolfhirschhorn.com\/sitioweb\/wp-json\/wp\/v2\/media?parent=94"}],"curies":[{"name":"wp","href":"https:\/\/api.w.org\/{rel}","templated":true}]}}