{"id":1042,"date":"2020-04-22T20:31:48","date_gmt":"2020-04-22T18:31:48","guid":{"rendered":"https:\/\/wolfhirschhorn.com\/?page_id=1042"},"modified":"2026-02-09T14:17:36","modified_gmt":"2026-02-09T13:17:36","slug":"fomento-de-la-investigacion","status":"publish","type":"page","link":"https:\/\/wolfhirschhorn.com\/sitioweb\/fomento-de-la-investigacion\/","title":{"rendered":"Fomento de la Investigaci\u00f3n"},"content":{"rendered":"<p>[et_pb_section fb_built=\u00bb1&#8243; _builder_version=\u00bb4.16&#8243; _module_preset=\u00bbdefault\u00bb global_colors_info=\u00bb{}\u00bb][et_pb_row _builder_version=\u00bb4.16&#8243; _module_preset=\u00bbdefault\u00bb global_colors_info=\u00bb{}\u00bb][et_pb_column type=\u00bb4_4&#8243; _builder_version=\u00bb4.16&#8243; _module_preset=\u00bbdefault\u00bb global_colors_info=\u00bb{}\u00bb][et_pb_text _builder_version=\u00bb4.16&#8243; _module_preset=\u00bbdefault\u00bb text_font_size=\u00bb18px\u00bb global_colors_info=\u00bb{}\u00bb]<\/p>\n<h2><a name=\"_Toc46852818\"><\/a>FOMENTO DE LA INVESTIGACI\u00d3N SWH<\/h2>\n<p>&nbsp;<\/p>\n<p>Uno de los objetivos de la AESWH desde su formaci\u00f3n ha sido promover la investigaci\u00f3n y el conocimiento del SWH. Por ello, es una de nuestras prioridades conocer m\u00e1s y mejor el SWH y tratar de mejorar la calidad de vida de los afectados y sus familias.<\/p>\n<p>&nbsp;<\/p>\n<p><strong>TRAYECTORIA EN INVESTIGACI\u00d3N SWH<\/strong><\/p>\n<p>[\/et_pb_text][\/et_pb_column][\/et_pb_row][et_pb_row column_structure=\u00bb1_2,1_2&#8243; _builder_version=\u00bb4.16&#8243; _module_preset=\u00bbdefault\u00bb global_colors_info=\u00bb{}\u00bb][et_pb_column type=\u00bb1_2&#8243; _builder_version=\u00bb4.16&#8243; _module_preset=\u00bbdefault\u00bb global_colors_info=\u00bb{}\u00bb][et_pb_text _builder_version=\u00bb4.16&#8243; _module_preset=\u00bbdefault\u00bb global_colors_info=\u00bb{}\u00bb]<\/p>\n<p><strong>&#8211; A\u00d1OS 2011 A 2015 &#8211;<\/p>\n<p><\/strong><\/p>\n<ul>\n<li>Los primeros pasos en investigaci\u00f3n de la AESWH tuvieron lugar de la mano del doctor D. Pablo Lapunzina Badia, responsable del INGEMM en aquel momento actualmente director cient\u00edfico del CIBERER.<\/li>\n<li>Esos primeros pasos supusieron la adquisici\u00f3n de reactivos financiados por la AESWH para la realizaci\u00f3n de arrays a los pacientes con los que contaba la AESWH.<\/li>\n<li>Asimismo, se remitieron muestras de sangre a D. Cesar Cobaleda, cient\u00edfico del CSIC para su estudio de los mecanismos moleculares en el S\u00edndrome de Wolf-Hirschhorn.<\/li>\n<li>Se produce el contacto con los neuropediatras del Hospital Universitario Central de Asturias, D\u00f1a. Raquel Blanco Lago y D. Ignacio M\u00e1laga Di\u00e9guez y se comienza a gestar la idea de que la doctora D\u00f1a. Raquel Blanco elabore su tesis doctoral sobre el SWH dirigida por el doctor M\u00e1laga Di\u00e9guez.<\/li>\n<li>En el a\u00f1o 2012 se celebran las primeras jornadas m\u00e9dicas de la AESWH.<\/li>\n<li>En julio de 2014 D\u00f1a. Raquel Blanco Lago acude a la reuni\u00f3n bianual del grupo americano 4p supportgroup.<\/li>\n<\/ul>\n<p>[\/et_pb_text][et_pb_text _builder_version=\u00bb4.16&#8243; _module_preset=\u00bbdefault\u00bb global_colors_info=\u00bb{}\u00bb]<\/p>\n<p><strong>&#8211; A\u00d1OS 2015-2016 &#8211;<\/p>\n<p><\/strong><\/p>\n<ul>\n<li>Se continua con la colaboraci\u00f3n con el INGEMM y se estrechan los lazos con dicho organismo a trav\u00e9s de los doctores Lapunzina Bad\u00eda y Nevado Blanco.<\/li>\n<li>Se aportan 10.000 \u20ac para la adquisici\u00f3n de equipos inform\u00e1ticos.<\/li>\n<li>En noviembre de 2016 se celebra la primera <a href=\"https:\/\/wolfhirschhorn.com\/la-aeswh-afianza-lazos-internacionales\/\">reuni\u00f3n del grupo argentino<\/a> a la que acude el Doctor Nevado Blanco (responsable del \u00e1rea gen\u00f3mica del INGEMM\/ Hospital Universitario La Paz-Madrid) y se re\u00fanen las primeras muestras de pacientes argentinos para la realizaci\u00f3n de arrays.<\/li>\n<li>Se aportan 18.000 \u20ac al Instituto De Investigaci\u00f3n Severo Ochoa destinados a la financiaci\u00f3n del estudio iniciado por D. Cesar Cobaleda.<\/li>\n<li>Se proporcionan a la doctora Blanco Lago los datos precisados de los pacientes de la AESWH para la elaboraci\u00f3n de su tesis que es le\u00edda en el a\u00f1o 2016 obteniendo un sobresaliente cum laude. <a href=\"https:\/\/drive.google.com\/file\/d\/0B-yCQwobSNeOTFVJS1lvVTBBVWc\/view\">Estudio de la cohorte espa\u00f1ola de pacientes con s\u00edndrome de wolf hirschhorn: an\u00e1lisis de la epilepsia en el s\u00edndrome y correlaci\u00f3n genotipo-fenotipo<\/a><\/li>\n<\/ul>\n<p>&nbsp;<\/p>\n<p>[\/et_pb_text][et_pb_text _builder_version=\u00bb4.16&#8243; _module_preset=\u00bbdefault\u00bb global_colors_info=\u00bb{}\u00bb]<\/p>\n<p><strong>&#8211; A\u00d1O 2017 &#8211;<\/p>\n<p><\/strong><\/p>\n<ul>\n<li>Se inicia, por iniciativa de la doctora Blanco Lago, un registro de datos sobre los resultados de la prescripci\u00f3n de coenzima q10.<\/li>\n<li>Se publica el Art\u00edculo: <a href=\"https:\/\/wolfhirschhorn.com\/sitioweb\/sindrome-de-wolf-hirschhorn-descripcion-de-una-cohorte-espanola-de-51-casos-y-revision-de-la-bibliografia\/\">S\u00edndrome de Wolf-Hirschhorn. Descripci\u00f3n de una cohorte espa\u00f1ola de 51 casos y revisi\u00f3n de la bibliograf\u00eda<\/a> fruto de la colaboraci\u00f3n entre investigadores, m\u00e9dicos de pacientes SWH y la propia AESWH.<\/li>\n<li>Se inicia a instancia de D\u00f1a. Isabelle Beaudry (terapeuta ocupacional) el primer estudio sobre integraci\u00f3n sensorial en pacientes con SWH.<\/li>\n<li>Se suscribe <a href=\"https:\/\/wolfhirschhorn.com\/sitioweb\/el-hospital-la-paz-pone-en-marcha-un-estudio-sobre-el-swh\/\">convenio de colaboraci\u00f3n con el INGEMM\/ IDIPAZ<\/a> para desarrollo de <a href=\"https:\/\/wolfhirschhorn.com\/sitioweb\/la-aeswh-firma-un-convenio-de-colaboracion-con-la-fundacion-la-paz\/\">proyecto de investigaci\u00f3n con D. Juli\u00e1n Nevado Blanco<\/a> como investigador principal. (aportaci\u00f3n 40.000 \u20ac).<\/li>\n<li>Se suscribe <a href=\"https:\/\/wolfhirschhorn.com\/sitioweb\/convenio-de-colaboracion-con-la-universidad-de-deusto\/\">convenio de colaboraci\u00f3n con la Universidad De Deusto \u2013 Grupo Neuro-Emotion<\/a> para el desarrollo de proyectos de estudio sobre las necesidades psicosociales de padres con hijos SWH.<\/li>\n<li>Se celebra el <a href=\"https:\/\/wolfhirschhorn.com\/sitioweb\/i-congreso-medico-internacional-sobre-el-swh\/\">I Congreso Internacional sobre SWH<\/a> (Madrid-Hospital La Paz- octubre 2017) en el que participaron diversos expertos en SWH (Espa\u00f1a, Italia, Francia, USA, Reino Unido E Irlanda).<\/li>\n<li>El Dr. Nevado participa en el <a href=\"https:\/\/wolfhirschhorn.com\/sitioweb\/la-aeswh-se-va-a-argentina\/\">Encuentro de familias grupo4P-SWH Argentina<\/a> para presentar el <em>Estudio de la cohorte hispano-argentina de pacientes SWH<\/em>.<\/li>\n<li>Se concede al Doctor D. Cesar Cobaleda una beca por la entidad Mu\u00e9vete por los que no pueden\/Feder.<\/li>\n<\/ul>\n<p>[\/et_pb_text][et_pb_text _builder_version=\u00bb4.16&#8243; _module_preset=\u00bbdefault\u00bb global_colors_info=\u00bb{}\u00bb]<\/p>\n<p><strong>&#8211; A\u00d1O 2018 &#8211;<\/p>\n<p><\/strong><\/p>\n<ul>\n<li>Se suscribe <a href=\"https:\/\/wolfhirschhorn.com\/sitioweb\/convenio-con-la-universidad-de-santiago\/\">Convenio de colaboraci\u00f3n con la Facultad de Medicina y Odontolog\u00eda de la Universidad de Santiago de Compostela<\/a> para desarrollo de proyecto de investigaci\u00f3n sobre las caracter\u00edsticas bucodentales de los pacientes con SWH. Para el desarrollo del proyecto se analizan dichas caracter\u00edsticas en los pacientes de la AESWH.<\/li>\n<li>La AESWH se une al equipo de\u00a0Neuroemotion Universidad de Deusto\u00a0y a ABEPI Asociaci\u00f3n Bizkaina de Epilepsia\u00a0en la organizaci\u00f3n de una jornada sobre <a href=\"https:\/\/wolfhirschhorn.com\/sitioweb\/jornada-sobre-abordajes-terapeuticos-de-la-epilepsia\/\">\u201cAbordajes terap\u00e9uticos de la epilepsia\u201d.<\/a><\/li>\n<li><a href=\"https:\/\/wolfhirschhorn.com\/sitioweb\/un-nuevo-avance-en-la-investigacion-del-swh\/\">Concesi\u00f3n de subvenci\u00f3n por el Instituto de Investigaci\u00f3n Carlos III<\/a> (120.000 \u20ac) al proyecto \u201cEvoluci\u00f3n gen\u00f3mica en el SWH, microarrays personalizados con SNPS y genes candidatos: aproximaci\u00f3n a las alteraciones dentales y a una epilepsia compleja. Doctores D. Juli\u00e1n Nevado Blanco, D. Jacobo Limeres Posse y D\u00f1a. Raquel Blanco Lago.<\/li>\n<li>Se sigue ampliando el estudio gen\u00e9tico a pacientes argentinos y chilenos.<\/li>\n<li>El doctor Juli\u00e1n Nevado Blanco acude como ponente al <a href=\"https:\/\/wolfhirschhorn.com\/sitioweb\/encuentro-de-la-4p-support-group-en-san-antonio-texas\/\">Congreso bianual del grupo 4p supportgroup.<\/a>(Texas) para presentar el estudio de la cohorte espa\u00f1ola de pacientes con SWH que se est\u00e1 llevando a cabo en colaboraci\u00f3n con la AESWH.<\/li>\n<li>Se renueva el <a href=\"https:\/\/wolfhirschhorn.com\/sitioweb\/renovacion-del-convenio-con-ingemm-del-hospital-universitario-la-paz\/\">convenio de colaboraci\u00f3n con el INGEMM\/ IDIPAZ<\/a> (aportaci\u00f3n 40.000 \u20ac).<\/li>\n<li><a href=\"https:\/\/wolfhirschhorn.com\/sitioweb\/iii-encuentro-grupo-4p-swh-argentina\/\">III Encuentro grupo 4P-SWH Argentina<\/a><strong> (Dic-2018) con la invitaci\u00f3n al Dr. Nevado para la actualizaci\u00f3n de los avances en investigaci\u00f3n del SWH.<\/strong><\/li>\n<\/ul>\n<p>[\/et_pb_text][\/et_pb_column][et_pb_column type=\u00bb1_2&#8243; _builder_version=\u00bb4.16&#8243; _module_preset=\u00bbdefault\u00bb global_colors_info=\u00bb{}\u00bb][et_pb_text _builder_version=\u00bb4.16&#8243; _module_preset=\u00bbdefault\u00bb global_colors_info=\u00bb{}\u00bb]<\/p>\n<p><strong>&#8211; A\u00d1O 2019 &#8211;<\/strong><\/p>\n<p>&nbsp;<\/p>\n<ul>\n<li>Se ampl\u00eda el estudio dental a pacientes argentinos.<\/li>\n<li><a href=\"https:\/\/wolfhirschhorn.com\/sitioweb\/swh-descripcion-de-5-casos-caracterizados-por-microarrays-de-polimorfismos-de-nucleotido-unico\/\">Se ampl\u00eda el estudio gen\u00e9tico<\/a> a pacientes venezolanos, mexicanos, ecuatorianos, colombianos y peruanos.<\/li>\n<li>Se celebra el <a href=\"https:\/\/wolfhirschhorn.com\/sitioweb\/i-congreso-de-enfermedades-raras-en-ecuador\/\">I Congreso Internacional de EERR en Ecuador<\/a> con la participaci\u00f3n del Dr. Juli\u00e1n Nevado Blanco.<\/li>\n<li>Marzo 2019 Publicaci\u00f3n del art\u00edculo en <em>Neurological Disorders &amp; Epilepsy Journal<\/em> \u00ab<a href=\"https:\/\/scientificliterature.org\/Neurologicaldisorders\/Neurologicaldisorders-19-120.pdf\">Desaf\u00edos en la integraci\u00f3n sensorial y el procesamiento en el ni\u00f1o con s\u00edndrome de Wolf-Hirschhorn<\/a><strong>\u00ab<\/strong> Isabelle Beaudry y Tania Moriy\u00f3n.<\/li>\n<li>Octubre 2019. Publicaci\u00f3n del resultado del I Congreso Internacional sobre el SWH: \u201cNevado J, Ho KS, Zollino M, et al. <a href=\"https:\/\/onlinelibrary.wiley.com\/doi\/10.1002\/ajmg.a.61406\">International meeting on Wolf-Hirschhorn syndrome: Update on the nosology and new insights on the pathogenic mechanisms for seizures and growth delay.<\/a>.<\/li>\n<li>Creaci\u00f3n del <a href=\"https:\/\/wolfhirschhorn.com\/sitioweb\/comite-cientifico\/\">Comit\u00e9 Cient\u00edfico<\/a> de la AESWH.<\/li>\n<\/ul>\n<p>[\/et_pb_text][et_pb_text _builder_version=\u00bb4.23.4&#8243; _module_preset=\u00bbdefault\u00bb global_colors_info=\u00bb{}\u00bb]<\/p>\n<p><strong>\u2013 A\u00d1O 2020 \u2013<\/strong><\/p>\n<p>&nbsp;<\/p>\n<ul>\n<li><strong>Octubre 2020.<\/strong> Publicaci\u00f3n del <a href=\"https:\/\/wolfhirschhorn.com\/sitioweb\/publicacion-del-primer-estudio-de-perfil-y-caracteristicas-psicosociales-de-cuidadores-de-swh\/\">primer estudio de perfil caracter\u00edsticas psicosociales de cuidadores de SWH<\/a> resultado del Convenio de colaboraci\u00f3n con la Universidad de Deusto en el a\u00f1o 2017.<\/li>\n<li><strong>Noviembre 2020<\/strong>. Publicaci\u00f3n del estudio sobre<a href=\"https:\/\/wolfhirschhorn.com\/sitioweb\/caracteristicas-orodentales\/\"> caracter\u00edsticas orodentales de los pacientes con SWH\u00a0 \u2013 Dr. Jacob<\/a>o Limeres (Univ.de Santiago de Compostela), Dra. Candela Serrano (Univ. Complutense de Madrid) en colaboraci\u00f3n con el Dr. Juli\u00e1n Nevado (INGEMM) y la <a href=\"\/pdf\/TD-Raquel Blanco.pdf\" target=\"_blank\" rel=\"noopener\">Dra. Raquel Blanco (HUCA)<\/a> en desarrollo del convenio suscrito entre la Universidad de Santiago de Compostela (USC) y la AESWH en enero de 2018.<\/li>\n<\/ul>\n<p>[\/et_pb_text][et_pb_text _builder_version=\u00bb4.23.4&#8243; _module_preset=\u00bbdefault\u00bb global_colors_info=\u00bb{}\u00bb]<\/p>\n<p><strong>\u2013 A\u00d1O 2021 \u2013<\/strong><\/p>\n<p><strong> <\/strong><\/p>\n<p><strong><\/strong><\/p>\n<ul>\n<li><strong>Junio 2021.<\/strong> Comienza el <a href=\"https:\/\/wolfhirschhorn.com\/sitioweb\/estudio-del-perfil-cognitivo-swh\/\">estudio del perfil cognitivo de los pacientes SWH<\/a>, por la Dra. D\u00f1a. Cristina Bel Fenellos, (Profesora del Dpto. de Investigaci\u00f3n y Psicolog\u00eda en Educaci\u00f3n de la Facultad de Educaci\u00f3n de la UCM), responsable del proyecto, acompa\u00f1ada por Dr. D. Juli\u00e1n Nevado Blanco, responsable de Gen\u00f3mica Estructural y Funcional en el Instituto de Gen\u00e9tica M\u00e9dica y Molecular del Hospital Universitario La Paz (INGEMM).<\/li>\n<\/ul>\n<p>[\/et_pb_text][et_pb_text _builder_version=\u00bb4.23.4&#8243; _module_preset=\u00bbdefault\u00bb link_option_url_new_window=\u00bbon\u00bb global_colors_info=\u00bb{}\u00bb]<\/p>\n<p><strong>\u2013 A\u00d1O 2022\u2013<\/strong><\/p>\n<p>&nbsp;<\/p>\n<ul>\n<li><strong>Abril 2022<\/strong>. Inicio del <a href=\"https:\/\/wolfhirschhorn.com\/sitioweb\/inicio-del-estudio-comparado-entre-sindrome-swh-y-ctnnb1-univ-deusto\/\" target=\"_blank\" rel=\"noopener\">Estudio comparado entre s\u00edndrome SWH y CTNNB1 en ni\u00f1os\/as y adolescentes<\/a> (3-19 a\u00f1os) por Marta Melero Gonz\u00e1lez psic\u00f3loga investigadora de la Univ. Deusto. (estudio fruto del convenio de colaboraci\u00f3n con dicha Universidad).<\/li>\n<li><strong>Junio 2022<\/strong>. Publicaci\u00f3n art\u00edculo original <a href=\"https:\/\/wolfhirschhorn.com\/sitioweb\/prevalencia-y-distribucion-geografica-del-sindrome-de-wolf-hirschhorn-en-espana\/\" target=\"_blank\" rel=\"noopener\">\u201cPrevalencia y distribuci\u00f3n geogr\u00e1fica del S\u00edndrome de Wolf-Hirschhorn en Espa\u00f1a\u201d<\/a> resultado de la investigaci\u00f3n realizada con 80 pacientes diagnosticados con el s\u00edndrome en el periodo 2013-2021, en todo el territorio espa\u00f1ol, gracias a los acuerdos con la Asociaci\u00f3n Espa\u00f1ola de S\u00edndrome Wolf-Hirschhorn (AESWH) e INGEMM [Instituto de Gen\u00e9tica M\u00e9dica y Molecular]-IdiPaz).<\/li>\n<\/ul>\n<p>[\/et_pb_text][et_pb_text _builder_version=\u00bb4.23.4&#8243; _module_preset=\u00bbdefault\u00bb link_option_url_new_window=\u00bbon\u00bb global_colors_info=\u00bb{}\u00bb]<\/p>\n<p><strong>&#8211; A\u00d1O 2025\u2013<\/strong><\/p>\n<p>&nbsp;<\/p>\n<ul>\n<li><strong>Mayo 2025<\/strong>. Estudio sobre el <a href=\"https:\/\/drive.google.com\/file\/d\/1DT_U-4RUz9GywfG7ZDLgxUH7IsAkppqZ\/view?usp=sharing\" target=\"_blank\" rel=\"noopener\">\u00abBienestar familiar en familias con ni\u00f1os, ni\u00f1as y j\u00f3venes con s\u00edndrome de Wolf-Hirschhorn\u00bb<\/a>\u00a0<strong style=\"font-size: 14px;\"><\/strong><strong style=\"font-size: 14px;\">Por Cristina Bel-Fenell\u00f3s, Chantal Biencinto-L\u00f3pez , Cristina Orio-Aparicio<\/strong><span style=\"font-size: 14px;\"> (Facultad de Educaci\u00f3n &#8211; Centro de Formaci\u00f3n del Profesorado, Universidad Complutense de Madrid) <\/span><strong style=\"font-size: 14px;\">Xana da Silva-Mori<\/strong><span style=\"font-size: 14px;\"> (Instituto de Gen\u00e9tica M\u00e9dica y Molecular (INGEMM)-IdiPAZ, Hospital Universitario La Paz, Madrid) y <\/span><strong style=\"font-size: 14px;\">Jair Antonio Tenorio-Casta\u00f1o, Pablo Lapunzina, Juli\u00e1n Nevado <\/strong><span style=\"font-size: 14px;\">(Instituto de Gen\u00e9tica M\u00e9dica y Molecular (INGEMM)-IdiPAZ, Hospital Universitario La Paz; CIBERER, Centro de Investigaci\u00f3n Biom\u00e9dica en Red de Enfermedades Raras, ISCIII; ITHACA-Red Europea de Referencia-Hospital La Paz, Madrid, Espa\u00f1a).<\/span><\/li>\n<\/ul>\n<p>Gracias a la participaci\u00f3n 34 progenitores de personas con SWH, \u00a0miembros de la Asociaci\u00f3n Espa\u00f1ola del S\u00edndrome de Wolf- Hirschhorn (AESWH) y forman parte de la cohorte espa\u00f1ola previamente descrita parcialmente (Nevado et al., 2020). Lo que supone el 50 % de las familias registradas en la asociaci\u00f3n.<\/p>\n<ul>\n<li><strong><strong>Julio 2025. <\/strong><\/strong><a href=\"https:\/\/wolfhirschhorn.com\/sitioweb\/evaluacion-funcional-y-genomica-en-el-swh\/\">\u201cDesarrollo y validaci\u00f3n de un algoritmo de puntuaci\u00f3n de Evaluaci\u00f3n Funcional basado en la Informaci\u00f3n Cl\u00ednica y Gen\u00f3mica para la Estratificaci\u00f3n Pron\u00f3stica en el S\u00edndrome de Wolf\u2013Hischhorn\u201d<\/a>. Por Juli\u00e1n Nevado, Raquel Blanco-Lago, Cristina Bel-Fenell\u00f3s, Adolfo Hern\u00e1ndez, Mar\u00eda A. Mori-\u00c1lvarez, Chantal Biencinto-L\u00f3pez, Ignacio M\u00e1laga, Harry Pachajoa, Elena Mansilla, Fe A. Garc\u00eda-Santiago, Pilar Barruz, Jair A. Tenorio-Casta\u00f1o, Yolanda Mu\u00f1oz-Garc\u00eda Porrero, Isabel Vallcorba, y Pablo Lapunzina.- <em>Genes<\/em> <b>2025<\/b>, <em>16<\/em>(7), 820; <a href=\"https:\/\/doi.org\/10.3390\/genes16070820\">https:\/\/doi.org\/10.3390\/genes16070820\u00a0<\/a><\/li>\n<\/ul>\n<p><strong><\/strong><\/p>\n<ul>\n<li><strong>Noviembre 2025<\/strong>. <a href=\"https:\/\/wolfhirschhorn.com\/sitioweb\/epilepsia-en-el-swh-perspectivas-clinicas-a-partir-de-una-cohorte-pediatrica\/\">\u201cEpilepsia en el s\u00edndrome de Wolf-Hirschhorn: perspectivas cl\u00ednicas a partir de una cohorte pedi\u00e1trica y una revisi\u00f3n de la literatura\u201d <\/a><span>Blanco-Lago, R.;Malaga, I.; Tenorio-Castano, J.A.; Alvarez-Alvarez, N.; Lapunzina, P.; Nevado, J. Epilepsy in Wolf\u2013Hirschhorn Syndrome: Clinical Insights from a Pediatric Cohort and a Review of the Literature. Journal of\u00a0 Clinical Medicine 2025, 14, 8044. <\/span><span><a href=\"https:\/\/www.mdpi.com\/2077-0383\/14\/22\/8044\">https:\/\/www.mdpi.com\/2077-0383\/14\/22\/8044<\/a><\/span><\/li>\n<\/ul>\n<p>&nbsp;<\/p>\n<p>[\/et_pb_text][et_pb_image src=\u00bbhttps:\/\/wolfhirschhorn.com\/sitioweb\/wp-content\/uploads\/ESQUEMA-SWH.jpg\u00bb alt=\u00bbESQUEMA-SWH\u00bb title_text=\u00bbESQUEMA-SWH\u00bb _builder_version=\u00bb4.17.4&#8243; _module_preset=\u00bbdefault\u00bb global_colors_info=\u00bb{}\u00bb][\/et_pb_image][\/et_pb_column][\/et_pb_row][\/et_pb_section][et_pb_section fb_built=\u00bb1&#8243; _builder_version=\u00bb4.16&#8243; _module_preset=\u00bbdefault\u00bb global_colors_info=\u00bb{}\u00bb][et_pb_row _builder_version=\u00bb4.16&#8243; _module_preset=\u00bbdefault\u00bb global_colors_info=\u00bb{}\u00bb][et_pb_column type=\u00bb4_4&#8243; _builder_version=\u00bb4.16&#8243; _module_preset=\u00bbdefault\u00bb global_colors_info=\u00bb{}\u00bb][et_pb_text _builder_version=\u00bb4.16&#8243; _module_preset=\u00bbdefault\u00bb global_colors_info=\u00bb{}\u00bb]<\/p>\n<h1>PUBLICACIONES<\/h1>\n<p>[\/et_pb_text][\/et_pb_column][\/et_pb_row][et_pb_row column_structure=\u00bb1_3,1_3,1_3&#8243; _builder_version=\u00bb4.23.4&#8243; _module_preset=\u00bbdefault\u00bb global_colors_info=\u00bb{}\u00bb][et_pb_column type=\u00bb1_3&#8243; _builder_version=\u00bb4.16&#8243; _module_preset=\u00bbdefault\u00bb global_colors_info=\u00bb{}\u00bb][et_pb_image src=\u00bbhttps:\/\/wolfhirschhorn.com\/sitioweb\/wp-content\/uploads\/Epilepsia-en-el-SWH-perspectivas-clinicas-a-partir-de-una-cohorte-pediatrica.jpg\u00bb title_text=\u00bbEpilepsia en el SWH perspectivas cl\u00ednicas a partir de una cohorte pedi\u00e1trica\u00bb url=\u00bbhttps:\/\/wolfhirschhorn.com\/sitioweb\/epilepsia-en-el-swh-perspectivas-clinicas-a-partir-de-una-cohorte-pediatrica\/\u00bb url_new_window=\u00bbon\u00bb _builder_version=\u00bb4.23.4&#8243; _module_preset=\u00bbdefault\u00bb hover_enabled=\u00bb0&#8243; global_colors_info=\u00bb{}\u00bb sticky_enabled=\u00bb0&#8243;][\/et_pb_image][et_pb_image src=\u00bbhttps:\/\/wolfhirschhorn.com\/sitioweb\/wp-content\/uploads\/2025-Estratificacion-Pronostica-en-el-SWH-.jpg\u00bb title_text=\u00bb2025 &#8211; Estratificaci\u00f3n Pron\u00f3stica en el SWH\u00bb url=\u00bbhttps:\/\/wolfhirschhorn.com\/sitioweb\/evaluacion-funcional-y-genomica-en-el-swh\/\u00bb url_new_window=\u00bbon\u00bb _builder_version=\u00bb4.23.4&#8243; _module_preset=\u00bbdefault\u00bb global_colors_info=\u00bb{}\u00bb][\/et_pb_image][et_pb_image src=\u00bbhttps:\/\/wolfhirschhorn.com\/sitioweb\/wp-content\/uploads\/2025-Bienestar-familiar-SWH.png\u00bb title_text=\u00bb2025 Bienestar familiar SWH\u00bb url=\u00bbhttps:\/\/drive.google.com\/file\/d\/1DT_U-4RUz9GywfG7ZDLgxUH7IsAkppqZ\/view?usp=sharing\u00bb url_new_window=\u00bbon\u00bb _builder_version=\u00bb4.23.4&#8243; _module_preset=\u00bbdefault\u00bb global_colors_info=\u00bb{}\u00bb][\/et_pb_image][et_pb_image src=\u00bbhttps:\/\/wolfhirschhorn.com\/sitioweb\/wp-content\/uploads\/imagen-estudio-prevalencia-para-web.jpg\u00bb title_text=\u00bbimagen estudio prevalencia para web\u00bb url=\u00bbhttps:\/\/www.sanidad.gob.es\/biblioPublic\/publicaciones\/recursos_propios\/resp\/revista_cdrom\/VOL96\/ORIGINALES\/RS96C_202206045.pdf\u00bb url_new_window=\u00bbon\u00bb _builder_version=\u00bb4.17.4&#8243; _module_preset=\u00bbdefault\u00bb global_colors_info=\u00bb{}\u00bb][\/et_pb_image][\/et_pb_column][et_pb_column type=\u00bb1_3&#8243; _builder_version=\u00bb4.16&#8243; _module_preset=\u00bbdefault\u00bb global_colors_info=\u00bb{}\u00bb][et_pb_code _builder_version=\u00bb4.16&#8243; _module_preset=\u00bbdefault\u00bb global_colors_info=\u00bb{}\u00bb]<a href=\"https:\/\/www.mdpi.com\/2077-0383\/9\/11\/3556\/htm\" target=\"_blank\" rel=\"noopener\"><img loading=\"lazy\" decoding=\"async\" class=\"alignleft wp-image-1152\" src=\"https:\/\/wolfhirschhorn.com\/sitioweb\/wp-content\/uploads\/Caracteristicas-orodentales.jpg\" alt=\"\" width=\"900\" height=\"600\" \/><\/a>[\/et_pb_code][et_pb_image src=\u00bbhttps:\/\/wolfhirschhorn.com\/sitioweb\/wp-content\/uploads\/SARA-BERROCOSO-caracteristicas-psicosociales-19oct2020-1-1.png\u00bb title_text=\u00bbSARAH BERROCOSO caracter\u00edsticas psicosociales 19oct2020&#8243; url=\u00bbhttps:\/\/wolfhirschhorn.com\/sitioweb\/publicacion-del-primer-estudio-de-perfil-y-caracteristicas-psicosociales-de-cuidadores-de-swh\/\u00bb _builder_version=\u00bb4.17.6&#8243; _module_preset=\u00bbdefault\u00bb global_colors_info=\u00bb{}\u00bb][\/et_pb_image][et_pb_code _builder_version=\u00bb4.16&#8243; _module_preset=\u00bbdefault\u00bb global_colors_info=\u00bb{}\u00bb]<a href=\"https:\/\/drive.google.com\/file\/d\/0B-yCQwobSNeObTM1TXBpWFB5WlU\/view\" target=\"_blank\" rel=\"noopener\"><img loading=\"lazy\" decoding=\"async\" class=\"alignleft wp-image-1152\" src=\"https:\/\/wolfhirschhorn.com\/sitioweb\/wp-content\/uploads\/4_Serie-de-27-pacientes.jpg\" alt=\"\" width=\"900\" height=\"600\" \/><\/a>[\/et_pb_code][et_pb_code _builder_version=\u00bb4.16&#8243; _module_preset=\u00bbdefault\u00bb global_colors_info=\u00bb{}\u00bb]<a href=\"https:\/\/drive.google.com\/file\/d\/1X7TkDznTsN8B5OFNLE1Li2qeDh3j3Jlp\/view\" target=\"_blank\" rel=\"noopener\"><img loading=\"lazy\" decoding=\"async\" class=\"alignleft wp-image-1152\" src=\"https:\/\/wolfhirschhorn.com\/sitioweb\/wp-content\/uploads\/2_Descripci\u00f3n-de-5-casos.jpg\" alt=\"\" width=\"900\" height=\"600\" \/><\/a>[\/et_pb_code][\/et_pb_column][et_pb_column type=\u00bb1_3&#8243; _builder_version=\u00bb4.23.4&#8243; _module_preset=\u00bbdefault\u00bb global_colors_info=\u00bb{}\u00bb][et_pb_code _builder_version=\u00bb4.16&#8243; _module_preset=\u00bbdefault\u00bb global_colors_info=\u00bb{}\u00bb]<a href=\"https:\/\/scientificliterature.org\/Neurologicaldisorders\/Neurologicaldisorders-19-120.pdf\" target=\"_blank\" rel=\"noopener\"><img loading=\"lazy\" decoding=\"async\" class=\"alignleft wp-image-1152\" src=\"https:\/\/wolfhirschhorn.com\/sitioweb\/wp-content\/uploads\/1_Challenges-in-Sensory-Integration.jpg\" alt=\"\" width=\"900\" height=\"600\" \/><\/a>[\/et_pb_code][et_pb_code _builder_version=\u00bb4.16&#8243; _module_preset=\u00bbdefault\u00bb global_colors_info=\u00bb{}\u00bb]<a href=\"https:\/\/drive.google.com\/file\/d\/0B-yCQwobSNeOaVZPZVNQeXFvcUU\/view\" target=\"_blank\" rel=\"noopener\"><img loading=\"lazy\" decoding=\"async\" class=\"alignleft wp-image-1152\" src=\"https:\/\/wolfhirschhorn.com\/sitioweb\/wp-content\/uploads\/3_cohorte-espa\u00f1ola-de-51-casos.jpg\" alt=\"\" width=\"900\" height=\"600\" \/><\/a>[\/et_pb_code][et_pb_code _builder_version=\u00bb4.16&#8243; _module_preset=\u00bbdefault\u00bb global_colors_info=\u00bb{}\u00bb]<a href=\"https:\/\/drive.google.com\/file\/d\/1zCk66qvh7QnYpAUN4tTjZBBumTaR0TSl\/view\" target=\"_blank\" rel=\"noopener\"><img loading=\"lazy\" decoding=\"async\" class=\"alignleft wp-image-1152\" src=\"https:\/\/wolfhirschhorn.com\/sitioweb\/wp-content\/uploads\/5_International-Meeting-I-Congreso-SWH.jpg\" alt=\"\" width=\"900\" height=\"600\" \/><\/a>[\/et_pb_code][\/et_pb_column][\/et_pb_row][\/et_pb_section][et_pb_section fb_built=\u00bb1&#8243; _builder_version=\u00bb4.23.4&#8243; _module_preset=\u00bbdefault\u00bb global_colors_info=\u00bb{}\u00bb][et_pb_row _builder_version=\u00bb4.23.4&#8243; _module_preset=\u00bbdefault\u00bb global_colors_info=\u00bb{}\u00bb][et_pb_column type=\u00bb4_4&#8243; _builder_version=\u00bb4.23.4&#8243; _module_preset=\u00bbdefault\u00bb global_colors_info=\u00bb{}\u00bb][\/et_pb_column][\/et_pb_row][\/et_pb_section]<\/p>\n","protected":false},"excerpt":{"rendered":"<p>FOMENTO DE LA INVESTIGACI\u00d3N SWH &nbsp; Uno de los objetivos de la AESWH desde su formaci\u00f3n ha sido promover la investigaci\u00f3n y el conocimiento del SWH. Por ello, es una de nuestras prioridades conocer m\u00e1s y mejor el SWH y tratar de mejorar la calidad de vida de los afectados y sus familias. &nbsp; TRAYECTORIA [&hellip;]<\/p>\n","protected":false},"author":3,"featured_media":0,"parent":0,"menu_order":0,"comment_status":"closed","ping_status":"closed","template":"","meta":{"_et_pb_use_builder":"on","_et_pb_old_content":"<p>[one_half]<strong>- A\u00d1OS 2011 A 2015 -<\/strong><\/p><ul><li>Los primeros pasos en investigaci\u00f3n de la AESWH tuvieron lugar de la mano del doctor D. Pablo Lapunzina Badia, responsable del INGEMM en aquel momento actualmente director cient\u00edfico del CIBERER.<\/li><li>Esos primeros pasos supusieron la adquisici\u00f3n de reactivos financiados por la AESWH para la realizaci\u00f3n de arrays a los pacientes con los que contaba la AESWH.<\/li><li>Asimismo se remitieron muestras de sangre a D. Cesar Cobaleda, cient\u00edfico del CSIC para su estudio de los mecanismos moleculares en el S\u00edndrome de Wolf-Hirschhorn.<\/li><li>Se produce el contacto con los neuropediatras del Hospital Universitario Central de Asturias , D\u00f1a. Raquel Blanco Lago y d. Ignacio M\u00e1laga Di\u00e9guez y se comienza a gestar la idea de que la doctora D\u00f1a. Raquel Blanco elabore su tesis doctoral sobre el SWH dirigida por el doctor M\u00e1laga Di\u00e9guez.<\/li><li>En el a\u00f1o 2012 se celebran las primeras jornadas m\u00e9dicas de la AESWH.<\/li><li>En julio de 2014 D\u00f1a. Raquel Blanco Lago acude a la reuni\u00f3n bianual del grupo americano 4p supportgroup.[\/one_half]<\/li><\/ul><p>[one_half_last] <strong>- A\u00d1OS 2015-2016 -<\/strong><\/p><ul><li>Se continua con la colaboraci\u00f3n con el INGEMM y se estrechan los lazos con dicho organismo a trav\u00e9s de los doctores Lapunzina Bad\u00eda y Nevado Blanco.<\/li><li>Se aportan 10.000 \u20ac para la adquisici\u00f3n de equipos inform\u00e1ticos.<\/li><li>En noviembre de 2016 se celebra la primera reuni\u00f3n del grupo argentino a la que acude el doctor Nevado Blanco (responsable del \u00e1rea gen\u00f3mica del INGEMM\/ Hospital Universitario La Paz-Madrid) y se re\u00fanen las primeras muestras de pacientes argentinos para la realizaci\u00f3n de arrays.<\/li><li>Asimismo se aportan 18.000 \u20ac al Instituto De Investigaci\u00f3n Severo Ochoa destinados a la financiaci\u00f3n del estudio iniciado por D. Cesar Cobaleda.<\/li><li>Se proporcionan a la doctora Blanco Lago los datos precisados de los pacientes de la AESWH para la elaboraci\u00f3n de su tesis que es le\u00edda en el a\u00f1o 2016 obteniendo un sobresaliente cum laude. [\/one_half_last]<\/li><\/ul><p>[one_half]<strong>- A\u00d1O 2017 -<\/strong><\/p><ul><li>Se inicia , por iniciativa de la doctora Blanco Lago, un registro de datos sobre los resultados de la prescripci\u00f3n de coenzima q10<\/li><li>Se inicia a instancia de D\u00f1a. Isabelle Beaudry (terapeuta ocupacional ) el primer estudio sobre integraci\u00f3n sensorial en pacientes con SWH<\/li><li>Se suscribe convenio de colaboraci\u00f3n con el INGEMM\/ IDIPAZ para desarrollo de proyecto de investigaci\u00f3n con d. Juli\u00e1n Nevado Blanco como investigador principal. (aportaci\u00f3n 40.000 \u20ac)<\/li><li>Se suscribe convenio de colaboraci\u00f3n con la Universidad De Deusto \u2013 Grupo Neuro-Emotion para el desarrollo de proyectos de estudio sobre las necesidades psicosociales de padres con hijos SWH.<\/li><li>Se celebra el I Congreso Internacional sobre SWH (Madrid-Hospital La Paz- octubre 2018) en el que participaron diversos expertos en SWH (Espa\u00f1a, Italia, Francia, Usa , Reino Unido E Irlanda) .<\/li><li>Se concede al doctor D. Cesar Cobaleda una beca por la entidad Mu\u00e9vete por los que no pueden\/Feder.<\/li><\/ul><p>[\/one_half] [one_half_last] <strong>- A\u00d1O 2018 -<\/strong><\/p><ul><li>Se suscribe convenio de colaboraci\u00f3n con la Facultad de Medicina y Odontolog\u00eda de la Universidad de Santiago de Compostela para desarrollo de proyecto de investigaci\u00f3n sobre las caracter\u00edsticas bucodentales de los pacientes con SWH. Para el desarrollo del proyecto se analizan dichas caracter\u00edsticas en los pacientes de la AESWH .<\/li><li>Concesi\u00f3n de subvenci\u00f3n por el Instituto De Investigaci\u00f3n Carlos III (120.000 \u20ac) al proyecto \u201cEvoluci\u00f3n gen\u00f3mica en el SWH , microarrays personalizados con SNPS y genes candidatos: aproximaci\u00f3n a las alteraciones dentales y a una epilepsia compleja. Pi Fis 18\/01433 IP doctor D. Juli\u00e1n Nevado Blanco.<\/li><li>Se sigue ampliando el estudio gen\u00e9tico a pacientes argentinos y chilenos.<\/li><li>El doctor Juli\u00e1n Nevado Blanco acude como ponente al congreso bianual del grupo 4p supportgroup<\/li><li>Se renueva el convenio de colaboraci\u00f3n con el INGEMM\/ IDI PAZ ( aportaci\u00f3n 40.000 \u20ac).<\/li><\/ul><p>[\/one_half_last]<\/p><p>[one_half] <strong>- A\u00d1O 2019 -<\/strong><\/p><ul><li>Se ampl\u00eda el estudio dental a pacientes argentinos<\/li><li>Se ampl\u00eda el estudio gen\u00e9tico a pacientes venezolanos, mexicanos, ecuatorianos y peruanos<\/li><li>Creaci\u00f3n del Comit\u00e9 Cient\u00edfico de la AESWH<\/li><\/ul><p>[\/one_half]<\/p><p>[one_half_last] <strong>- A\u00f1o 2020 -<\/strong><\/p><ul><li>Publicaci\u00f3n del primer estudio de perfil caracter\u00edsticas psicosociales de cuidadores de SWH resultado del Convenio de colaboraci\u00f3n con la Universidad de Deusto en el a\u00f1o 2017.<\/li><li>Publicaci\u00f3n del estudio sobre<a href=\"https:\/\/www.mdpi.com\/2077-0383\/9\/11\/3556\/htm\" target=\"_blank\" rel=\"noopener\" data-saferedirecturl=\"https:\/\/www.google.com\/url?q=https:\/\/www.mdpi.com\/2077-0383\/9\/11\/3556\/htm&source=gmail&ust=1610628278626000&usg=AFQjCNFNCYZg_NxT6ttGT3AayKrXTwuZqA\"> caracter\u00edsticas orodentales de los pacientes con SWH<\/a>\u00a0 - Dr. Jacobo Limeres (Univ.de Santiago de Compostela), Dra. Candela Serrano (Univ. Complutense de Madrid) en colaboraci\u00f3n con el Dr. Juli\u00e1n Nevado (INGEMM) y la Dra. Raquel Blanco (HUCA)\u00a0 en\u00a0 desarrollo del convenio suscrito entre la Universidad de Santiago de Compostela (USC) y la AESWH en enero de 2018<\/li><\/ul><p>[\/one_half_last]<\/p><p>[one_half]<\/p><p><strong>- A\u00f1o 2021 -<\/strong><\/p><p>* Junio 2021. Comienza el estudio del perfil cognitivo de los pacientes SWH, por la Dra. D\u00f1a. Cristina Bel Fenellos, (Profesora del Dpto. de Investigaci\u00f3n y Psicolog\u00eda en Educaci\u00f3n de la Facultad de Educaci\u00f3n de la UCM), responsable del proyecto, acompa\u00f1ada por Dr. D. Juli\u00e1n Nevado Blanco, responsable de Gen\u00f3mica Estructural y Funcional en el Instituto de Gen\u00e9tica M\u00e9dica y Molecular del Hospital Universitario La Paz (INGEMM).<\/p><p>[\/one_half]<\/p><p>[one_half_last]<\/p><p>[\/one_half_last]<\/p><p>\u00a0\u00a0<\/p><h4><strong>- PUBLICACIONES -<\/strong><\/h4><p>\u00a0<\/p><p>[one_half] <a href=\"https:\/\/www.mdpi.com\/2077-0383\/9\/11\/3556\/htm\" target=\"_blank\" rel=\"noopener\"><img class=\"alignleft wp-image-1152\" src=\"https:\/\/wolfhirschhorn.com\/sitioweb\/wp-content\/uploads\/Caracteristicas-orodentales.jpg\" alt=\"\" width=\"900\" height=\"600\" \/><\/a>[\/one_half]<\/p><p>[one_half_last] <a href=\"https:\/\/scientificliterature.org\/Neurologicaldisorders\/Neurologicaldisorders-19-120.pdf\" target=\"_blank\" rel=\"noopener\"><img class=\"alignleft wp-image-1152\" src=\"https:\/\/wolfhirschhorn.com\/sitioweb\/wp-content\/uploads\/1_Challenges-in-Sensory-Integration.jpg\" alt=\"\" width=\"900\" height=\"600\" \/><\/a>[\/one_half_last]<\/p><p>[one_half] <a href=\"https:\/\/drive.google.com\/file\/d\/1X7TkDznTsN8B5OFNLE1Li2qeDh3j3Jlp\/view\" target=\"_blank\" rel=\"noopener\"><img class=\"alignleft wp-image-1152\" src=\"https:\/\/wolfhirschhorn.com\/sitioweb\/wp-content\/uploads\/2_Descripci\u00f3n-de-5-casos.jpg\" alt=\"\" width=\"900\" height=\"600\" \/><\/a>[\/one_half]<\/p><p>[one_half_last] <a href=\"https:\/\/drive.google.com\/file\/d\/0B-yCQwobSNeOaVZPZVNQeXFvcUU\/view\" target=\"_blank\" rel=\"noopener\"><img class=\"alignleft wp-image-1152\" src=\"https:\/\/wolfhirschhorn.com\/sitioweb\/wp-content\/uploads\/3_cohorte-espa\u00f1ola-de-51-casos.jpg\" alt=\"\" width=\"900\" height=\"600\" \/><\/a>[\/one_half_last]<\/p><p>[one_half] <a href=\"https:\/\/drive.google.com\/file\/d\/0B-yCQwobSNeObTM1TXBpWFB5WlU\/view\" target=\"_blank\" rel=\"noopener\"><img class=\"alignleft wp-image-1152\" src=\"https:\/\/wolfhirschhorn.com\/sitioweb\/wp-content\/uploads\/4_Serie-de-27-pacientes.jpg\" alt=\"\" width=\"900\" height=\"600\" \/><\/a><br \/>[\/one_half]<\/p><p>[one_half_last] <a href=\"https:\/\/drive.google.com\/file\/d\/1zCk66qvh7QnYpAUN4tTjZBBumTaR0TSl\/view\" target=\"_blank\" rel=\"noopener\"><img class=\"alignleft wp-image-1152\" src=\"https:\/\/wolfhirschhorn.com\/sitioweb\/wp-content\/uploads\/5_International-Meeting-I-Congreso-SWH.jpg\" alt=\"\" width=\"900\" height=\"600\" \/><\/a>[\/one_half_last]<\/p>","_et_gb_content_width":"","footnotes":""},"class_list":["post-1042","page","type-page","status-publish","hentry"],"_links":{"self":[{"href":"https:\/\/wolfhirschhorn.com\/sitioweb\/wp-json\/wp\/v2\/pages\/1042","targetHints":{"allow":["GET"]}}],"collection":[{"href":"https:\/\/wolfhirschhorn.com\/sitioweb\/wp-json\/wp\/v2\/pages"}],"about":[{"href":"https:\/\/wolfhirschhorn.com\/sitioweb\/wp-json\/wp\/v2\/types\/page"}],"author":[{"embeddable":true,"href":"https:\/\/wolfhirschhorn.com\/sitioweb\/wp-json\/wp\/v2\/users\/3"}],"replies":[{"embeddable":true,"href":"https:\/\/wolfhirschhorn.com\/sitioweb\/wp-json\/wp\/v2\/comments?post=1042"}],"version-history":[{"count":0,"href":"https:\/\/wolfhirschhorn.com\/sitioweb\/wp-json\/wp\/v2\/pages\/1042\/revisions"}],"wp:attachment":[{"href":"https:\/\/wolfhirschhorn.com\/sitioweb\/wp-json\/wp\/v2\/media?parent=1042"}],"curies":[{"name":"wp","href":"https:\/\/api.w.org\/{rel}","templated":true}]}}